{"id":3443,"date":"2012-04-23T16:47:33","date_gmt":"2012-04-23T14:47:33","guid":{"rendered":"http:\/\/www.dosacordes.es\/web\/?product=concerto-en-estilo-antico-para-violan-e-orquestra-de-cordas"},"modified":"2024-11-06T23:45:38","modified_gmt":"2024-11-06T22:45:38","slug":"concerto-en-estilo-antico-para-violan-e-orquestra-de-cordas","status":"publish","type":"product","link":"https:\/\/www.dosacordes.es\/web\/producto\/concerto-en-estilo-antico-para-violan-e-orquestra-de-cordas\/","title":{"rendered":"Concerto en estilo antigo: Para viol\u00edn e orquestra de cordas"},"content":{"rendered":"<p>&nbsp;<\/p>\n<p>&nbsp;<\/p>\n","protected":false},"excerpt":{"rendered":"<h5>Manuel Quiroga<\/h5>\n<p align=\"justify\">O \u00abConcerto en estilo antigo para viol\u00edn y orquesta de cuerda\u00bb foi composto en Par\u00eds en 1924. Estr\u00e9ao o propio autor acompa\u00f1ado da s\u00faa esposa \u00aben versi\u00f3n de viol\u00edn e piano\u00bb o 31 de marzo de 1925 no Teatro Rosal\u00eda de Castro da Coru\u00f1a baixo o t\u00edtulo \u00abConcerto de intrata\u00bb, que logo interpretou tam\u00e9n no teatro Tamberlick de Vigo. Tr\u00e1tase dun concerto en tres movementos para viol\u00edn e orquestra de cordas, inspirado nos concertos barrocos italianos das escolas bolo\u00f1esa e veneciana.<\/p>\n<p>Neste ano 2011, no que se rememora o quincuax\u00e9simo aniversario do falecemento de Manuel Quiroga e o centenario da concesi\u00f3n do Primeiro Premio de Viol\u00edn do Conservatorio de Par\u00eds, desexamos que se recupere a excelsa figura do violinista galego m\u00e1is importante do s\u00e9culo XX: virtuoso entre os m\u00e1is c\u00e9lebres de Europa e Am\u00e9rica, considerado polos franceses como un artista seu e herdeiro incuestionable de Pablo Sarasate.<\/p>\n","protected":false},"featured_media":3444,"template":"","meta":{"om_disable_all_campaigns":false,"_monsterinsights_skip_tracking":false,"_monsterinsights_sitenote_active":false,"_monsterinsights_sitenote_note":"","_monsterinsights_sitenote_category":0},"product_cat":[356,636],"product_tag":[638],"aioseo_notices":[],"lang":"es","translations":{"es":3443,"en":14135},"pll_sync_post":[],"_links":{"self":[{"href":"https:\/\/www.dosacordes.es\/web\/wp-json\/wp\/v2\/product\/3443"}],"collection":[{"href":"https:\/\/www.dosacordes.es\/web\/wp-json\/wp\/v2\/product"}],"about":[{"href":"https:\/\/www.dosacordes.es\/web\/wp-json\/wp\/v2\/types\/product"}],"wp:featuredmedia":[{"embeddable":true,"href":"https:\/\/www.dosacordes.es\/web\/wp-json\/wp\/v2\/media\/3444"}],"wp:attachment":[{"href":"https:\/\/www.dosacordes.es\/web\/wp-json\/wp\/v2\/media?parent=3443"}],"wp:term":[{"taxonomy":"product_cat","embeddable":true,"href":"https:\/\/www.dosacordes.es\/web\/wp-json\/wp\/v2\/product_cat?post=3443"},{"taxonomy":"product_tag","embeddable":true,"href":"https:\/\/www.dosacordes.es\/web\/wp-json\/wp\/v2\/product_tag?post=3443"}],"curies":[{"name":"wp","href":"https:\/\/api.w.org\/{rel}","templated":true}]}}