{"id":3434,"date":"2016-07-24T18:03:16","date_gmt":"2016-07-24T16:03:16","guid":{"rendered":"http:\/\/www.dosacordes.es\/web\/?product=violetas-valses-para-da%c2%baas-guitarras"},"modified":"2024-11-06T23:10:01","modified_gmt":"2024-11-06T22:10:01","slug":"violetas-valses-para-da%c2%baas-guitarras","status":"publish","type":"product","link":"https:\/\/www.dosacordes.es\/web\/producto\/violetas-valses-para-da%c2%baas-guitarras\/","title":{"rendered":"Violetas: Valses para d\u00faas guitarras"},"content":{"rendered":"","protected":false},"excerpt":{"rendered":"<h5><span lang=\"\">Jos\u00e9 Fern\u00e1ndez Vide, \u00abMaestro Vide\u00bb<br \/>\n<\/span><\/h5>\n<p align=\"justify\"><span lang=\"\">El maestro Vide compuso obras para piano, voz y piano, y m\u00fasica coral, adem\u00e1s de dos zarzuelas gallegas y un destacado n\u00famero de obras para banda y orquesta, as\u00ed como abundantes piezas pertenecientes al g\u00e9nero de la m\u00fasica de sal\u00f3n. En la actualidad, la Diputaci\u00f3n Provincial de Ourense ha publicado tres libros correspondientes a su integral pian\u00edstica, canciones y m\u00fasica coral respectivamente; el cuarto volumen, que recoge sus zarzuelas, se halla en proceso de producci\u00f3n. <\/span><\/p>\n<p>La obra, perteneciente a la serie AGRA VELLA, dentro de la colecci\u00f3n ARS GALLAECIA MUSICAE que Dos Acordes coedita con la AGADIC de la Xunta de Galicia, ha sido transcrita y revisada por Javier Jurado. Violetas e<span lang=\"\">st\u00e1 integrada por una peque\u00f1a introducci\u00f3n a la que suceden tres valses independientes, m\u00e1s una coda que resulta ser extracto del primer vals, final de la introducci\u00f3n y tercer vals de la serie. La simpleza de la forma, su sonoridad sencilla y el ritmo marcado hacen de la obra una pieza muy agradecida, con l\u00edneas mel\u00f3dicas bien definidas y cantabiles, claro ejemplo del car\u00e1cter de las composiciones de Vide. <\/span><\/p>\n<p>Cabe destacar la importancia de este ciclo de obras como muestra de la m\u00fasica de sal\u00f3n de la primera mitad del siglo XX, as\u00ed como su inter\u00e9s dentro de la escasa producci\u00f3n para guitarra por parte de los compositores gallegos.<\/p>\n<p align=\"justify\">La<span lang=\"\"> obra ha sido grabada por <a href=\"https:\/\/open.spotify.com\/track\/7dnMV6bqyUnT2qFwdz6BzQ\" target=\"_blank\" rel=\"noopener noreferrer\">Samuel Diz<\/a> y por <a href=\"https:\/\/open.spotify.com\/track\/0lJ2IFuVtJsZs9Z7RgaZmd\" target=\"_blank\" rel=\"noopener noreferrer\">Fernando P\u00e9rez Fern\u00e1ndez.<\/a><\/span><\/p>\n","protected":false},"featured_media":3435,"template":"","meta":{"om_disable_all_campaigns":false,"_monsterinsights_skip_tracking":false,"_monsterinsights_sitenote_active":false,"_monsterinsights_sitenote_note":"","_monsterinsights_sitenote_category":0},"product_cat":[361],"product_tag":[638],"aioseo_notices":[],"lang":"es","translations":{"es":3434,"en":14110},"pll_sync_post":[],"_links":{"self":[{"href":"https:\/\/www.dosacordes.es\/web\/wp-json\/wp\/v2\/product\/3434"}],"collection":[{"href":"https:\/\/www.dosacordes.es\/web\/wp-json\/wp\/v2\/product"}],"about":[{"href":"https:\/\/www.dosacordes.es\/web\/wp-json\/wp\/v2\/types\/product"}],"wp:featuredmedia":[{"embeddable":true,"href":"https:\/\/www.dosacordes.es\/web\/wp-json\/wp\/v2\/media\/3435"}],"wp:attachment":[{"href":"https:\/\/www.dosacordes.es\/web\/wp-json\/wp\/v2\/media?parent=3434"}],"wp:term":[{"taxonomy":"product_cat","embeddable":true,"href":"https:\/\/www.dosacordes.es\/web\/wp-json\/wp\/v2\/product_cat?post=3434"},{"taxonomy":"product_tag","embeddable":true,"href":"https:\/\/www.dosacordes.es\/web\/wp-json\/wp\/v2\/product_tag?post=3434"}],"curies":[{"name":"wp","href":"https:\/\/api.w.org\/{rel}","templated":true}]}}