{"id":3359,"date":"2020-05-30T03:15:32","date_gmt":"2020-05-30T03:15:32","guid":{"rendered":"http:\/\/www.dosacordes.es\/web\/?product=cuadernos-para-el-argano-echevarraa-de-santa-marina-la-real-1590783333"},"modified":"2025-10-01T00:22:13","modified_gmt":"2025-09-30T22:22:13","slug":"cuadernos-para-el-argano-echevarraa-de-santa-marina-la-real-1590783333","status":"publish","type":"product","link":"https:\/\/www.dosacordes.es\/web\/producto\/cuadernos-para-el-argano-echevarraa-de-santa-marina-la-real-1590783333\/","title":{"rendered":"\u00a1PACK! Cuadernos para el \u00f3rgano de Echeverr\u00eda de Santa Marina la Real"},"content":{"rendered":"","protected":false},"excerpt":{"rendered":"<h5>Adolfo G Viejo, \u00c1ngel Oliver, Miguel del Barco, Robert Helmschrott<\/h5>\n<p><span class=\"tResal\">Incluye los tres vol\u00famenes de los Cuadernos para el \u00f3rgano Echevarr\u00eda de Santa Marina la Real.<\/span><\/p>\n<h6><span class=\"tResal\"><a href=\"https:\/\/www.dosacordes.es\/web\/producto\/cuadernos-para-el-argano-echevarraa-de-santa-marina-la-real\/\">Volumen 1<\/a><\/span><\/h6>\n<ul>\n<li><span class=\"tComun\"><em>Versos del Alto Poema<\/em>, de Adolfo G. Viejo<\/span><\/li>\n<li><span class=\"tComun\"><em>Cuatro tientos para \u00f3rgano<\/em>, de \u00c1ngel Oliver Pina<\/span><\/li>\n<li><span class=\"tComun\"><em>Resonancias leonesas<\/em>, de Miguel del Barco<\/span><\/li>\n<li><em>Tonadas y danzas del campo leon\u00e9s<\/em>, de Robert Helmshrott<\/li>\n<\/ul>\n<h6><span class=\"tResal\"><a href=\"https:\/\/www.dosacordes.es\/web\/producto\/cuadernos-para-el-argano-echevarraa-de-santa-marina-la-real-1590783327\/\">Volumen 2<\/a><\/span><\/h6>\n<ul>\n<li><span class=\"tComun\"><em>Superflumina I<\/em>, de Adolfo G. Viejo<\/span><\/li>\n<li><span class=\"tComun\"><em>Cuatro piezas al viejo estilo<\/em>, de Juan Alfonso Garc\u00eda<\/span><\/li>\n<li><span class=\"tComun\"><em>AMTAR<\/em>, de Jos\u00e9 M\u00aa S\u00e1nchez-Verd\u00fa<\/span><\/li>\n<\/ul>\n<h6><span class=\"tResal\"><a href=\"https:\/\/www.dosacordes.es\/web\/producto\/cuadernos-para-el-argano-echevarraa-de-santa-marina-la-real-1590783329\/\">Volumen 3<\/a><\/span><\/h6>\n<ul>\n<li><span class=\"tComun\"><em>Rondas para \u00f3rgano<\/em>, de Tom\u00e1s Marco<\/span><\/li>\n<li><span class=\"tComun\"><em>Canciones leonesas<\/em>, de Guy Bovet<\/span><\/li>\n<li><span class=\"tComun\"><em>Tres cantos narrativos<\/em>, de Theo Brandm\u00fcller<\/span><\/li>\n<\/ul>\n<p>Durante las \u00faltimas d\u00e9cadas se ha dado en Espa\u00f1a una extraordinaria proliferaci\u00f3n de restauraciones de \u00f3rganos pertenecientes a la est\u00e9tica del siglo XVIII. Por sus caracter\u00edsticas t\u00e9cnicas y t\u00edmbricas, estos \u00f3rganos resultan aptos para reproducir la m\u00fasica ib\u00e9rica de tres siglos (XVI, XVII y XVIII), si bien la gran producci\u00f3n europea de los siglos XVII y XVIII ya no tiene cabida en estos instrumentos y, mucho menos, la m\u00fasica del Romanticismo o del siglo XX. Estas caracter\u00edsticas<span class=\"tComun\"> t\u00e9cnicas condicionan de manera determinante la actividad m\u00fasico-cultural que puede desarrollarse con estos instrumentos, que corren el riesgo de verse relegados a una posici\u00f3n muse\u00edstica. <\/span><span class=\"tComun\">El proyecto <em>\u00d3rgano ib\u00e9rico siglo XXI<\/em> pretende iniciar un movimiento cultural que coloque este singular instrumento en pleno centro de la actividad creadora contempor\u00e1nea.<\/span><\/p>\n","protected":false},"featured_media":13477,"template":"","meta":{"om_disable_all_campaigns":false,"_monsterinsights_skip_tracking":false,"_monsterinsights_sitenote_active":false,"_monsterinsights_sitenote_note":"","_monsterinsights_sitenote_category":0},"product_cat":[357],"product_tag":[],"aioseo_notices":[],"lang":"es","translations":{"es":3359},"pll_sync_post":[],"_links":{"self":[{"href":"https:\/\/www.dosacordes.es\/web\/wp-json\/wp\/v2\/product\/3359"}],"collection":[{"href":"https:\/\/www.dosacordes.es\/web\/wp-json\/wp\/v2\/product"}],"about":[{"href":"https:\/\/www.dosacordes.es\/web\/wp-json\/wp\/v2\/types\/product"}],"wp:featuredmedia":[{"embeddable":true,"href":"https:\/\/www.dosacordes.es\/web\/wp-json\/wp\/v2\/media\/13477"}],"wp:attachment":[{"href":"https:\/\/www.dosacordes.es\/web\/wp-json\/wp\/v2\/media?parent=3359"}],"wp:term":[{"taxonomy":"product_cat","embeddable":true,"href":"https:\/\/www.dosacordes.es\/web\/wp-json\/wp\/v2\/product_cat?post=3359"},{"taxonomy":"product_tag","embeddable":true,"href":"https:\/\/www.dosacordes.es\/web\/wp-json\/wp\/v2\/product_tag?post=3359"}],"curies":[{"name":"wp","href":"https:\/\/api.w.org\/{rel}","templated":true}]}}