{"id":814,"date":"2024-11-27T21:12:25","date_gmt":"2024-11-27T20:12:25","guid":{"rendered":"http:\/\/www.dosacordes.es\/web\/?page_id=814"},"modified":"2020-08-24T20:06:18","modified_gmt":"2020-08-24T18:06:18","slug":"politica-de-privacidad-y-proteccion-de-datos","status":"publish","type":"page","link":"https:\/\/www.dosacordes.es\/web\/politica-de-privacidad-y-proteccion-de-datos\/","title":{"rendered":"Pol\u00edtica de privacidad y protecci\u00f3n de datos"},"content":{"rendered":"<p style=\"text-align: justify;\"><strong>Pol\u00edtica de privacidad y protecci\u00f3n de datos<\/strong><\/p>\n<p style=\"text-align: justify;\">Dos Acordes S.L.U. (en adelante, Dos Acordes), en calidad de titular del tratamiento, de conformidad con el art.13 del Reglamento General de Protecci\u00f3n de Datos UE 2016\/679 del Parlamento europeo y del Consejo (en adelante, RGPD), aporta la siguiente informaci\u00f3n sobre el tratamiento de los datos personales que usted, en calidad de persona interesada, nos ha proporcionado:<\/p>\n<ol style=\"text-align: justify;\">\n<li>Para la compra en nuestra tienda on.line.<\/li>\n<li>Para preparar oposiciones docentes.<\/li>\n<li>Al registrarse en en cualquiera de las plataformas web de Dos Acordes como usuario, pedir informaci\u00f3n sobre nuestros servicios o establecer alg\u00fan tipo de contacto comercial con nuestra empresa.<\/li>\n<\/ol>\n<p style=\"text-align: justify;\"><strong>Finalidad y base jur\u00eddica del tratamiento. <\/strong><\/p>\n<p style=\"text-align: justify;\">Entre los datos que nos ha proporcionado podr\u00edan hallarse algunos de tipo personal, definidos por el C\u00f3digo y por el RGDP como \u00abparticulares\u00bb. Los datos sensibles\/particulares se tratar\u00e1n seg\u00fan las finalidades que se indican a continuaci\u00f3n y \u00fanicamente con su consentimiento.<\/p>\n<p style=\"text-align: justify;\"><strong><em>a. Finalidades relativas a la prestaci\u00f3n contractual.<\/em><\/strong> Sus datos personales se tratar\u00e1n para que Dos Acordes cumpla con el servicio por usted requerido, para permitir a dicha empresa:<\/p>\n<ol style=\"text-align: justify;\">\n<li>La gesti\u00f3n (fechas de env\u00edo, demoras, problemas de stock\u2026) y env\u00edo a su domicilio (direcci\u00f3n postal de env\u00edo, tel\u00e9fono m\u00f3vil para el transportista, correo electr\u00f3nico para notificar incidencias\u2026) de la compra realizada en nuestra tienda on.line.<\/li>\n<li>El poder responder a sus solicitudes de cualquier tipo (informaci\u00f3n, servicios que presta la empresa, encargo de trabajos\u2026).<\/li>\n<li>En el caso de nuestras clases on.line, responder a sus dudas, compartir programaciones did\u00e1cticas, env\u00edo de correos electr\u00f3nicos avisando de la marcha de las clases (foros de comunicaci\u00f3n, materiales de inter\u00e9s, convocatorias en marcha, temas, y todo aquello impartido en las sesiones de clase).<\/li>\n<li>En caso de resultar aprobado en la oposici\u00f3n en cualquier comunidad aut\u00f3noma, la autorizaci\u00f3n para que su nombre y apellidos, as\u00ed como el cuerpo docente adquirido y la comunidad aut\u00f3noma, aparezcan en nuestros listados de aprobados.<\/li>\n<\/ol>\n<p style=\"text-align: justify;\"><strong><em>b. Finalidades legales y de seguridad.<\/em><\/strong> Sus datos personales se tratar\u00e1n tambi\u00e9n para:<\/p>\n<ol style=\"text-align: justify;\">\n<li>Cumplimentar con las obligaciones legales, regulaciones, normativas nacionales y comunitarias, as\u00ed como otras derivadas de disposiciones impartidas por autoridades legitimadas legalmente a tal efecto.<\/li>\n<li>Verificar, ejercitar o defender derechos de Dos Acordes ante un tribunal.<\/li>\n<\/ol>\n<p style=\"text-align: justify;\"><strong><em>c. Finalidades empresariales y estad\u00edsticas.<\/em><\/strong> Sus datos personales se tratar\u00e1n solamente para aquellas actividades realizadas por Dos Acordes, incluyendo posibles estad\u00edsticas an\u00f3nimas y estudios de mercado.<\/p>\n<p style=\"text-align: justify;\"><strong><em>d. Otras finalidades.<\/em><\/strong> Adem\u00e1s, si usted da su consentimiento expreso, sus datos personales se tratar\u00e1n para las siguientes finalidades:<\/p>\n<ol style=\"text-align: justify;\">\n<li><strong><em>Finalidades de marketing,<\/em><\/strong> que incluyen:\n<ol>\n<li><em>Actividades promocionales<\/em> de Dos Acordes, tanto de manera automatizada (correos electr\u00f3nicos, aplicaciones de mensajer\u00eda instant\u00e1nea\u2026) como no automatizada (correo postal). En concreto, Dos Acordes podr\u00e1 utilizar su direcci\u00f3n de correo electr\u00f3nico, proporcionada en el momento de la inscripci\u00f3n, para env\u00edos informativos sobre clases on.line y promociones relacionadas con los servicios generales de la empresa, as\u00ed como y con productos de la tienda on.line de Dos Acordes, siempre y cuando usted no se oponga a este uso.<\/li>\n<li><em>actividades de definici\u00f3n de perfil<\/em>, es decir, de an\u00e1lisis de sus preferencias de estudios\/oposiciones, productos (especialmente partituras y ensayos relacionados con una especialidad instrumental concreta), con objeto de mejorar la oferta de servicios, productos e informaci\u00f3n comercial de Dos Acordes, adaptada a sus intereses. Dicha actividad se podr\u00eda realizar a trav\u00e9s de cuestionarios\/encuestas de satisfacci\u00f3n, o por el uso de cookies durante la navegaci\u00f3n por las p\u00e1ginas administradas por Dos Acordes.<\/li>\n<\/ol>\n<\/li>\n<li><strong><em>Finalidades para el abastecimiento de servicios accesorios,<\/em><\/strong> incluidos el registro en las p\u00e1ginas administradas por Dos Acordes y en su plataforma digital de clases on.line , para permitirle acceder y disfrutar de los servicios que contiene el portal, reservados exclusivamente a los usuarios registrados (materiales, repertorio, an\u00e1lisis, composici\u00f3n, temarios, supuestos pr\u00e1cticos, foros de comunicaci\u00f3n, programaci\u00f3n did\u00e1ctica, unidades did\u00e1cticas, lenguaje musical, tareas de composici\u00f3n, y todos aquellos otros servicios asociados a la preparaci\u00f3n de oposiciones on.line).<\/li>\n<\/ol>\n<p style=\"text-align: justify;\">El tratamiento con finalidades promocionales podr\u00e1 llevarse a cabo solamente con su consentimiento.<\/p>\n<p style=\"text-align: justify;\"><strong>Naturaleza de la cesi\u00f3n de datos y consecuencias de una posible negativa.<\/strong><\/p>\n<p style=\"text-align: justify;\">La cesi\u00f3n de sus datos es facultativa, pero si no nos proporciona autorizaci\u00f3n no podremos llevar a cabo nuestra contraprestaci\u00f3n de servicios. La cesi\u00f3n de los datos posibilitar\u00e1 a Dos Acordes mejorar nuestros servicios, con vistas a responder de forma m\u00e1s efectiva a los intereses de nuestros clientes. Aunque la cesi\u00f3n de datos personales es voluntaria, sin este acuerdo Dos Acordes no podr\u00eda cumplir con algunos de sus servicios.<\/p>\n<p style=\"text-align: justify;\"><strong>Categor\u00edas de destinatarios de los datos personales.<\/strong><\/p>\n<p style=\"text-align: justify;\">No se difundir\u00e1n sus datos, ya que s\u00f3lo podr\u00e1n comunicarse con las finalidades arriba indicadas, exclusivamente, a las siguientes categor\u00edas de sujetos:<\/p>\n<ul style=\"text-align: justify;\">\n<li>Al personal de Dos Acordes, sea docente, administrativo, dise\u00f1o gr\u00e1fico, sitemas inform\u00e1ticos, o directivo.<\/li>\n<li>Personas o sociedades que presten servicios de asistencia para Dos Acordes con vistas a tutelar un derecho propio (contabilidad, abogac\u00eda, asesor\u00eda fiscal, consultoras de auditor\u00edas \u2026).<\/li>\n<li>Personas, sociedades o agencias que brinden servicios de marketing y an\u00e1lisis a favor de Dos Acordes.<\/li>\n<\/ul>\n<p style=\"text-align: justify;\"><strong>Transferencia de los datos personales fuera de la Uni\u00f3n Europea.<\/strong><\/p>\n<p style=\"text-align: justify;\">Sus datos personales podr\u00e1n transferirse a sociedades de terceros en pa\u00edses pertenecientes o no a la Uni\u00f3n Europea, siempre con las finalidades arriba indicadas. En caso de transferencia de datos a pa\u00edses no pertenecientes a la Uni\u00f3n Europea, dichos pa\u00edses garantizar\u00e1n un nivel de protecci\u00f3n adecuado sobre la base de una decisi\u00f3n espec\u00edfica de la comisi\u00f3n Europea o, en alternativa, el destinatario se ver\u00e1 obligado por contrato a la protecci\u00f3n de los datos con un nivel adecuado y equiparable a la tutela que prev\u00e9 el RGPD.<\/p>\n<p style=\"text-align: justify;\"><strong>Conservaci\u00f3n de los datos personales.<\/strong><\/p>\n<p style=\"text-align: justify;\">Los datos personales se conservar\u00e1n en fichero durante el per\u00edodo preciso para la consecuci\u00f3n de los objetivos expresados m\u00e1s arriba. Los datos personales se conservar\u00e1n durante toda la duraci\u00f3n de la prestaci\u00f3n del servicio, as\u00ed como durante un periodo posterior:<\/p>\n<ol style=\"text-align: justify;\">\n<li>En plazos establecidos por la normativa vigente.<\/li>\n<li>En los plazos que establece la normativa secundaria que imponen la conservaci\u00f3n de los datos (por ejemplo, declaraciones fiscales).<\/li>\n<li>En el plazo necesario para proteger los derechos del titular de los datos, en caso de hipot\u00e9ticos conflictos relacionados con la prestaci\u00f3n.<\/li>\n<\/ol>\n<p style=\"text-align: justify;\"><strong>Titular y responsables del tratamiento.<\/strong><\/p>\n<p style=\"text-align: justify;\">El titular del tratamiento es Dos Acordes S.L.U., con sede en Rocamar 81-B, bajo, Baiona (Pontevedra-Espa\u00f1a).<\/p>\n<p style=\"text-align: justify;\"><strong>Responsable de la Protecci\u00f3n de datos.<\/strong><\/p>\n<p style=\"text-align: justify;\">Se puede contactar con el Responsable de la Protecci\u00f3n de datos en las siguientes direcciones: <a href=\"mailto:info@dosacordes.com\">info@dosacordes.com<\/a> en Rocamar 81-B, bajo, Baiona (Pontevedra-Espa\u00f1a).<\/p>\n<p style=\"text-align: justify;\"><strong>Derechos del interesado.<\/strong><\/p>\n<p style=\"text-align: justify;\">Seg\u00fan los art\u00edculos 15 a 22 del RGPD, usted tiene derecho en cualquier momento a<\/p>\n<ol style=\"text-align: justify;\">\n<li>Acceder a sus datos personales.<\/li>\n<li>Solicitar la correcci\u00f3n de sus datos personales.<\/li>\n<li>Revocar la autorizaci\u00f3n al uso y a la divulgaci\u00f3n de sus datos personales.<\/li>\n<li>Solicitar la cancelaci\u00f3n de sus datos personales.<\/li>\n<li>Recibir en un formato estructurado, de uso com\u00fan y legible desde un dispositivo autom\u00e1tico, los datos personales que le ata\u00f1en, as\u00ed como a la transmisi\u00f3n de sus datos personales a otro titular del tratamiento.<\/li>\n<li>Oponerse al tratamiento de los datos personales que le ata\u00f1en incluso para finalidades de marketing o de definici\u00f3n de perfil.<\/li>\n<li>Obtener la limitaci\u00f3n al tratamiento de sus datos personales.<\/li>\n<li>Interponer una reclamaci\u00f3n ante una autoridad reguladora.<\/li>\n<li>Recibir una comunicaci\u00f3n en caso de existir una violaci\u00f3n de los datos personales.<\/li>\n<li>Solicitar informaci\u00f3n con respecto a:\n<ol>\n<li>la finalidad del tratamiento;<\/li>\n<li>las categor\u00edas de datos personales;<\/li>\n<li>los destinatarios o las categor\u00edas de destinatarios a quienes se han comunicado o comunicar\u00e1n los datos personales, en particular si los datos se transmiten a destinatarios de terceros pa\u00edses u organizaciones internacionales y la existencia de las garant\u00edas apropiadas;<\/li>\n<li>el periodo de conservaci\u00f3n de los datos personales;<\/li>\n<li>el periodo de conservaci\u00f3n de los datos personales;<\/li>\n<\/ol>\n<\/li>\n<\/ol>\n<p style=\"text-align: justify;\">Usted podr\u00e1, en cualquier momento, oponerse al env\u00edo de comunicaciones relacionadas con las actividades de marketing o de definici\u00f3n de perfil haciendo clic en \u00abunsubscribe\u00bb, en la parte inferior del correo electr\u00f3nico recibido o remitiendo una solicitud con este prop\u00f3sito a la direcci\u00f3n se\u00f1alada m\u00e1s arriba.<\/p>\n","protected":false},"excerpt":{"rendered":"<p>Pol\u00edtica de privacidad y protecci\u00f3n de datos Dos Acordes S.L.U. (en adelante, Dos Acordes), en calidad de titular del tratamiento, de conformidad con el art.13 del Reglamento General de Protecci\u00f3n de Datos UE 2016\/679 del Parlamento europeo y del Consejo (en adelante, RGPD), aporta la siguiente informaci\u00f3n sobre el tratamiento de los datos personales que [&hellip;]<\/p>\n","protected":false},"author":1,"featured_media":0,"parent":0,"menu_order":0,"comment_status":"closed","ping_status":"closed","template":"page_fullwidth_notitle.php","meta":{"om_disable_all_campaigns":false,"_monsterinsights_skip_tracking":false,"_monsterinsights_sitenote_active":false,"_monsterinsights_sitenote_note":"","_monsterinsights_sitenote_category":0,"footnotes":""},"aioseo_notices":[],"lang":"es","translations":{"es":814},"pll_sync_post":[],"_links":{"self":[{"href":"https:\/\/www.dosacordes.es\/web\/wp-json\/wp\/v2\/pages\/814"}],"collection":[{"href":"https:\/\/www.dosacordes.es\/web\/wp-json\/wp\/v2\/pages"}],"about":[{"href":"https:\/\/www.dosacordes.es\/web\/wp-json\/wp\/v2\/types\/page"}],"author":[{"embeddable":true,"href":"https:\/\/www.dosacordes.es\/web\/wp-json\/wp\/v2\/users\/1"}],"replies":[{"embeddable":true,"href":"https:\/\/www.dosacordes.es\/web\/wp-json\/wp\/v2\/comments?post=814"}],"version-history":[{"count":3,"href":"https:\/\/www.dosacordes.es\/web\/wp-json\/wp\/v2\/pages\/814\/revisions"}],"predecessor-version":[{"id":858,"href":"https:\/\/www.dosacordes.es\/web\/wp-json\/wp\/v2\/pages\/814\/revisions\/858"}],"wp:attachment":[{"href":"https:\/\/www.dosacordes.es\/web\/wp-json\/wp\/v2\/media?parent=814"}],"curies":[{"name":"wp","href":"https:\/\/api.w.org\/{rel}","templated":true}]}}