{"id":13213,"date":"2022-06-21T10:54:05","date_gmt":"2022-06-21T08:54:05","guid":{"rendered":"https:\/\/www.dosacordes.es\/web\/?page_id=10708"},"modified":"2024-05-28T09:36:41","modified_gmt":"2024-05-28T07:36:41","slug":"academia-educacion-infantil","status":"publish","type":"page","link":"https:\/\/www.dosacordes.es\/web\/ar\/academia-educacion-infantil\/","title":{"rendered":"Preparaci\u00f3n de oposiciones: Educaci\u00f3n Infantil"},"content":{"rendered":"<div class=\"wpb-content-wrapper\"><p>[vc_row full_width=\u00bbstretch_row\u00bb css=\u00bb.vc_custom_1655738600114{background-color: #2081bc !important;background-position: center !important;background-repeat: no-repeat !important;background-size: cover !important;}\u00bb][vc_column][vc_column_text]<\/p>\n<p style=\"text-align: center; font-size: 18px;\"><span style=\"color: #282828;\">Curso 2024\/2025<\/span><\/p>\n<p style=\"font-size: 40px; line-height: 0.9; text-align: center;\"><span style=\"color: #ffffff;\">Maestros: Educaci\u00f3n Infantil<\/span><strong><br \/>\n<\/strong><\/p>\n<p style=\"text-align: center; font-size: 26px;\"><span style=\"color: #282828;\">\u00a1Matr\u00edcula abierta!<\/span><\/p>\n<p>[\/vc_column_text][vc_btn title=\u00bbOpciones de matr\u00edcula\u00bb style=\u00bbclassic\u00bb shape=\u00bbround\u00bb color=\u00bborange\u00bb align=\u00bbcenter\u00bb link=\u00bburl:#opciones-matricula||\u00bb][\/vc_column][\/vc_row][vc_row full_width=\u00bbstretch_row\u00bb css=\u00bb.vc_custom_1655738585052{background-color: #2081bc !important;background-position: center !important;background-repeat: no-repeat !important;background-size: cover !important;}\u00bb][vc_column width=\u00bb1\/2&#8243;][vc_column_text]<\/p>\n<p style=\"font-size: 22px; line-height: 0.9; text-align: left;\"><span style=\"color: #ffffff;\"><strong>Prepara tus oposiciones sin moverte de casa<\/strong><\/span><\/p>\n<p style=\"font-size: 15px; line-height: 1.8; text-align: left;\"><span style=\"color: #ffffff;\">Tras muchos a\u00f1os preparando a opositores de m\u00fasica de secundaria, primaria y conservatorio con excelentes resultados, en el curso 2016-2017 ampliamos nuestra oferta a otras especialidades del Cuerpo de Maestros, con vistas a convertirnos en una academia generalista de corte estatal.<\/span><\/p>\n<p style=\"font-size: 15px; line-height: 1.8; text-align: left;\"><span style=\"color: #ffffff;\">Nuestro profesorado es siempre funcionario de carrera de la especialidad y posee amplia experiencia en el \u00e1mbito de la preparaci\u00f3n. Esta experiencia y dedicaci\u00f3n ha hecho que nuestro \u00edndice de aprobados sea muy elevado. Si est\u00e1s preparando o piensas preparar oposiciones, consulta nuestras opciones de matr\u00edcula: no te arrepentir\u00e1s.<\/span><\/p>\n<p>[\/vc_column_text][vc_btn title=\u00bbTodos nuestros cursos\u00bb style=\u00bbclassic\u00bb shape=\u00bbround\u00bb color=\u00bbwhite\u00bb link=\u00bburl:http%3A%2F%2Fwww.dosacordes.es\/web\/#cursos||\u00bb][\/vc_column][vc_column width=\u00bb1\/2&#8243;][vc_video link=\u00bbhttps:\/\/www.youtube.com\/watch?v=-UQOE5VIND8&#8243; align=\u00bbright\u00bb][\/vc_column][\/vc_row][vc_row][vc_column width=\u00bb1\/5&#8243;][vc_single_image image=\u00bb6616&#8243; alignment=\u00bbcenter\u00bb][vc_column_text css=\u00bb.vc_custom_1591093187430{margin-top: -24px !important;border-top-width: -24px !important;padding-top: -24px !important;border-top-style: hidden !important;}\u00bb]<\/p>\n<p style=\"text-align: center; font-size: 12px; line-height: 0.9;\"><span style=\"color: #4788c7;\"><strong>100% TELEM\u00c1TICO<br \/>\n<\/strong><\/span>[\/vc_column_text][\/vc_column][vc_column width=\u00bb1\/5&#8243;][vc_single_image image=\u00bb6620&#8243; alignment=\u00bbcenter\u00bb][vc_column_text css=\u00bb.vc_custom_1591093163902{margin-top: -24px !important;border-top-width: -24px !important;padding-top: -24px !important;border-top-style: hidden !important;}\u00bb]<\/p>\n<p style=\"text-align: center; font-size: 12px; line-height: 0.9;\"><span style=\"color: #4788c7;\"><strong>TEMARIO INCLUIDO<br \/>\n<\/strong><\/span>[\/vc_column_text][\/vc_column][vc_column width=\u00bb1\/5&#8243;][vc_single_image image=\u00bb6619&#8243; alignment=\u00bbcenter\u00bb][vc_column_text css=\u00bb.vc_custom_1685663270020{margin-top: -24px !important;border-top-width: -24px !important;padding-top: -24px !important;border-top-style: hidden !important;}\u00bb]<\/p>\n<p style=\"text-align: center; font-size: 12px; line-height: 0.9;\"><span style=\"color: #4788c7;\"><strong>REVISI\u00d3N CONTINUA<br \/>\nDE SA Y PD<br \/>\n<\/strong><\/span><\/p>\n<p>[\/vc_column_text][\/vc_column][vc_column width=\u00bb1\/5&#8243;][vc_single_image image=\u00bb6618&#8243; alignment=\u00bbcenter\u00bb][vc_column_text css=\u00bb.vc_custom_1685662991869{margin-top: -24px !important;border-top-width: -24px !important;padding-top: -24px !important;border-top-style: hidden !important;}\u00bb]<\/p>\n<p style=\"text-align: center; font-size: 12px; line-height: 0.9;\"><span style=\"color: #4788c7;\"><strong>SIMULACROS<br \/>\n<\/strong><\/span><\/p>\n<p>[\/vc_column_text][\/vc_column][vc_column width=\u00bb1\/5&#8243;][vc_single_image image=\u00bb6621&#8243; alignment=\u00bbcenter\u00bb][vc_column_text css=\u00bb.vc_custom_1655740458307{margin-top: -24px !important;border-top-width: -24px !important;padding-top: -24px !important;border-top-style: hidden !important;}\u00bb]<\/p>\n<p style=\"text-align: center; font-size: 12px; line-height: 0.9;\"><span style=\"color: #4788c7;\"><strong>TODAS LAS PRUEBAS<br \/>\n<\/strong><\/span>[\/vc_column_text][\/vc_column][\/vc_row][vc_row full_width=\u00bbstretch_row\u00bb css=\u00bb.vc_custom_1591048477410{background-color: #ffffff !important;}\u00bb][vc_column][vc_column_text]<\/p>\n<h3><span style=\"color: #808080;\">\u00bfC\u00f3mo es nuestra formaci\u00f3n?<\/span><\/h3>\n<ul>\n<li>Toda la preparaci\u00f3n es en l\u00ednea. Para ello, usamos una plataforma propia a la que accedes con tu usuario y contrase\u00f1a.<\/li>\n<\/ul>\n<ul>\n<li>Las clases se imparten por videoconferencia semanal en directo.<\/li>\n<\/ul>\n<ul>\n<li>Durante las clases podr\u00e1s plantear tus dudas o comentarios a trav\u00e9s del chat del aula.<\/li>\n<\/ul>\n<ul>\n<li>Aunque no puedas asistir en directo, todas las sesiones quedan grabadas y a tu disposici\u00f3n mientras dura la preparaci\u00f3n (de septiembre a junio), siempre y cuando est\u00e9n abonadas todas las mensualidades.<\/li>\n<\/ul>\n<ul>\n<li>En la plataforma encontrar\u00e1s foros donde resolver todas las preguntas que se te planteen de una clase a la siguiente.<\/li>\n<\/ul>\n<ul>\n<li>Te avisaremos de la previsi\u00f3n de oposiciones, convocatorias, novedades, papeleos, etc.<\/li>\n<\/ul>\n<p>[\/vc_column_text][\/vc_column][\/vc_row][vc_row full_width=\u00bbstretch_row\u00bb css=\u00bb.vc_custom_1591530160498{background-position: center !important;background-repeat: no-repeat !important;background-size: cover !important;}\u00bb][vc_column][vc_custom_heading text=\u00bbProfesorado\u00bb font_container=\u00bbtag:h2|text_align:center|color:%23808080&#8243; google_fonts=\u00bbfont_family:Montserrat%3Aregular%2C700|font_style:400%20regular%3A400%3Anormal\u00bb el_class=\u00bbbookie-label\u00bb css=\u00bb.vc_custom_1655737329322{padding-bottom: 20px !important;}\u00bb][vc_column_text]<\/p>\n<p style=\"text-align: center;\"><span class=\"pap-shortcode-preview\"> \r\n\r\n\t\t<div class=\"wp-tsas-wrp tsas-enable-popup \" id=\"tsas-wrp-1\">\r\n\t  \t\t<div class=\"wp_teamshowcase_grid design-2\">\r\n\t\t\t\t<div class=\"team-grid tsas-first wp-tsas-medium-4 wp-tsas-columns\">\r\n\t<div class=\"teamshowcase-image-bg\">\r\n\t\t<img decoding=\"async\"  src=\"https:\/\/www.dosacordes.es\/web\/wp-content\/uploads\/2020\/08\/belen_olmos-2.jpg\" alt=\"Bel\u00e9n Olmos\" \/>\r\n\t\t\t\t\t<a class=\"teamshowcase-hover-icon popup-modal\" data-mfp-src=\"#popup-1-1\" href=\"javascript:void(0);\"><i class=\"fa fa-plus-circle\"><\/i><\/a>\r\n\t\t\t\t<div class=\"member-overlay\">\r\n\t\t\t<div class=\"member-name\">Bel\u00e9n Olmos<\/div>\r\n\t\t\t\t\t<\/div>\r\n\t<\/div>\r\n\r\n\t<div class=\"member-content\">\r\n\t\t<div class=\"member-desc\"> \r\n\t\t\t\t\t\t\t\u00a0\t\t\t\t\t<\/div>\r\n\r\n\t\t\t<\/div>\r\n\r\n\t<\/div>\r\n<div id=\"popup-1-1\" class=\"mfp-hide white-popup-block wp-tsas-popup-wrp\">\r\n\t<header>\r\n\t\t<div class=\"wp-modal-header ng-scope\" style=\"background:url(https:\/\/www.dosacordes.es\/web\/wp-content\/uploads\/2020\/08\/belen_olmos-2.jpg) center top no-repeat;\">\r\n\t\t\t<div class=\"member-popup-info\">\r\n\t\t\t\t<div class=\"member-name\">Bel\u00e9n Olmos<\/div>\r\n\t\t\t\t\t\t\t<\/div>\r\n\t\t<\/div>\r\n\t<\/header>\r\n\r\n\t<div class=\"wp-modal-body\">\r\n\t\t<p>Maestra de Educaci\u00f3n Infantil, Primaria y Pedagog\u00eda Terap\u00e9utica. Licenciada en Psicopedagog\u00eda.<\/p>\n<p>Aprobar la oposici\u00f3n es el final feliz de una de las etapas m\u00e1s intensas de mi vida. El esfuerzo diario, incansable, durante meses de organizaci\u00f3n, planificaci\u00f3n, estudio y b\u00fasqueda de las mejores ideas en un proceso creativo continuo. Los nervios de sentirte evaluada. La esperanza de obtener una oportunidad. La certeza de saber que adoras esta profesi\u00f3n y que es lo que quieres en la vida. Y al fin, la emoci\u00f3n de recibir un t\u00fa s\u00ed que vales. De esto hace ya 12 a\u00f1os y lejos de ser un final supuso el comienzo de una doble sensaci\u00f3n.<\/p>\n<p>Por una parte la responsabilidad que supone ocupar una plaza como funcionaria de carrera y que me ha empujado a continuar form\u00e1ndome en aspectos de lo m\u00e1s variopintos pero todos de candente actualidad: TICs aplicadas al aula con herramientas de autor, Elaboraci\u00f3n de blogs docentes, Logicomatem\u00e1tica basada en aprender a pensar, Habilidades comunicativas, Inteligencia emocional, Competencias Clave, Metodolog\u00eda basada en el aprendizaje vivencial\u2026<\/p>\n<p>Y la segunda sensaci\u00f3n es empat\u00eda. \u00c9sta es la que me empuja a formar parte de este equipo, como preparadora, pues a\u00fan hoy revivo lo que supone enfrentar una oposici\u00f3n y empatizo con los que est\u00e1n comenzando esta carrera de fondo. Compartir mi experiencia, mi trabajo, mi formaci\u00f3n y ayudar a futuras maestras y maestros en todo lo que est\u00e9 a mi alcance es un motor m\u00e1s en mi vida profesional y a ello he dedicado los \u00faltimos 9 a\u00f1os compagin\u00e1ndolo con mi labor diaria en el aula.<\/p>\n<p style=\"text-align: right;\">Bel\u00e9n Olmos<\/p>\n\t<\/div>\r\n\r\n<\/div>\t\t\t<\/div>\r\n\t\t<\/div>\r\n\t<\/span><\/p>\n<p>[\/vc_column_text][\/vc_column][\/vc_row][vc_row full_width=\u00bbstretch_row\u00bb css=\u00bb.vc_custom_1591530176513{background-color: #ffffff !important;}\u00bb][vc_column][vc_custom_heading text=\u00bbOpciones de matr\u00edcula\u00bb font_container=\u00bbtag:h2|text_align:center|color:%23808080&#8243; google_fonts=\u00bbfont_family:Montserrat%3Aregular%2C700|font_style:400%20regular%3A400%3Anormal\u00bb el_class=\u00bbbookie-label\u00bb][vc_column_text][\/vc_column_text][vc_column_text]<a id=\"opciones-matricula\"><\/a><div class=\"oxi-addons-container oxi-addons-container-16\">\r\n                 <div class=\"oxi-addons-row\"><div class=\"ctu-ultimate-wrapper-16\">\r\n             <div class=\"ctu-ulimate-style-16\"><div class=\"vc-tabs-li vc-tabs-li-16-id-78\" ref=\"#ctu-ulitate-style-16-id-78\" class=\"\">\r\n                                <span><i class=\"fas fa-boxes oxi-icons\"><\/i><\/span>\r\n                                Curso completo\r\n                                <div class=\"ctu-absulote\"><\/div>\r\n                            <\/div> <div class=\"vc-tabs-li vc-tabs-li-16-id-79\" ref=\"#ctu-ulitate-style-16-id-79\" class=\"\">\r\n                                <span><i class=\"fas fa-box-open oxi-icons\"><\/i><\/span>\r\n                                Otras opciones\r\n                                <div class=\"ctu-absulote\"><\/div>\r\n                            <\/div>   <\/div> <div class=\"ctu-ultimate-style-16-content\">\r\n                    <div class=\"ctu-ultimate-style-heading-16 vc-tabs-li-16-id-78\" ref=\"#ctu-ulitate-style-16-id-78\"> \r\n                        <i class=\"fas fa-boxes oxi-icons\"><\/i>   Curso completo\r\n\r\n                    <\/div>\r\n                    <div class=\"ctu-ulitate-style-16-tabs \" id=\"ctu-ulitate-style-16-id-78\">\r\n                        <p style=\"font-size: 20px; line-height: 0.9; text-align: left;\"><span style=\"color: #4a9ab9;\"><strong>\u2022 Clases semanales en directo<\/strong><\/span><\/p> <p style=\"text-align: left; padding-left: 40px;\">Preparaci\u00f3n de todas las pruebas para todas las comunidades y posterior acceso a sus grabaciones.<\/p> <p style=\"text-align: left;\">\u00a0<\/p> <p style=\"font-size: 20px; line-height: 0.9; text-align: left;\"><span style=\"color: #4a9ab9;\"><strong>\u2022 Acceso a todos los foros de dudas del curso<\/strong><\/span><\/p> <p style=\"text-align: left;\">\u00a0<\/p> <p style=\"font-size: 20px; line-height: 0.9; text-align: left;\"><span style=\"color: #4a9ab9;\"><strong>\u2022 Avisos de convocatorias, novedades y burocracia<\/strong><\/span><\/p> <p style=\"text-align: left;\">\u00a0<\/p> <p style=\"font-size: 20px; line-height: 0.9; text-align: left;\"><span style=\"color: #4a9ab9;\"><strong>\u2022 Temario propio gratuito para nuestro alumnado, actualizado a la LOMLOE en 2023<\/strong><\/span><\/p> <p style=\"text-align: left;\">\u00a0<\/p> <p style=\"font-size: 20px; line-height: 1; text-align: left;\"><span style=\"color: #4a9ab9;\"><strong>\u2022 Explicaci\u00f3n, preparaci\u00f3n, revisi\u00f3n y defensa de la situaci\u00f3n de aprendizaje y la programaci\u00f3n did\u00e1ctica<br \/><\/strong><\/span><\/p> <p style=\"text-align: left; padding-left: 40px;\">Preparamos la situaci\u00f3n de aprendizaje y la programaci\u00f3n did\u00e1ctica. Tanto la SA como la PD cada persona la elabora en un documento compartido con un tutor del equipo de Dos Acordes, que se encargar\u00e1 de revisarla mensualmente.<\/p> <p style=\"text-align: left;\">\u00a0<\/p> <p style=\"font-size: 20px; line-height: 0.9; text-align: left;\"><span style=\"color: #4a9ab9;\"><strong>\u2022 Ejercicio pr\u00e1ctico<\/strong><\/span><\/p> <p style=\"text-align: left; padding-left: 40px;\">Abordaremos semanalmente el trabajo sobre temas y pruebas pr\u00e1cticas.<\/p> <p style=\"text-align: left;\">\u00a0<\/p> <p style=\"font-size: 20px; line-height: 0.9; text-align: left;\"><span style=\"color: #4a9ab9;\"><strong>\u2022 Simulacros<\/strong><\/span><\/p> <p style=\"text-align: left; padding-left: 40px;\">Realizar\u00e1s simulacros de temas y, en su caso, del ejercicio pr\u00e1ctico escrito, una vez al trimestre, que la preparadora te devolver\u00e1 revisado y puntuado, adem\u00e1s de exposiciones en l\u00ednea de la programaci\u00f3n did\u00e1ctica o las unidades did\u00e1cticas.<\/p> <p>&nbsp;<\/p> <p style=\"text-align: left;\"><div class=\"oxi-addons-container   oxi-addons-flipbox-template-style4\">        <div class=\"oxilab-flip-box-wrapper\">\r\n                                <div class=\"oxilab-flip-box-col-2 oxilab-flip-box-padding-13\"\r\n                         sa-data-animation=\"\"\r\n                         sa-data-animation-offset=\"100%\"\r\n                         sa-data-animation-delay=\"0ms\"\r\n                         sa-data-animation-duration=\" 2000ms\"\r\n                         >\r\n                        <div class=\" oxilab-flip-box-body-13 oxilab-flip-box-body-13-24\">\r\n                                                        <div class=\"oxilab-flip-box-body-absulote\">\r\n                                <div class=\"oxilab-flip-box-flip oxilab-flip-box-flip-top-to-bottom\">\r\n                                    <div class=\"oxilab-flip-box-style-data easing_easeInOutExpo\">\r\n                                        <div class=\"oxilab-flip-box-style\">\r\n                                            <div class=\"oxilab-flip-box-front\">\r\n                                                <div class=\"oxilab-flip-box-13\">\r\n                                                    <div class=\"oxilab-flip-box-13-data\">\r\n                                                        <div class=\"oxilab-icon\">\r\n                                                            <div class=\"oxilab-icon-data\">\r\n                                                                        <i class=\"fas fa-door-open oxi-icons\"><\/i>\r\n                                                                    <\/div>\r\n                                                        <\/div>\r\n                                                        <div class=\"oxilab-heading\">\r\n                                                            Nuevo alumnado                                                        <\/div>\r\n                                                        <div class=\"oxilab-info\">\r\n                                                                                                                    <\/div>\r\n\r\n                                                    <\/div>\r\n                                                <\/div>\r\n                                            <\/div>\r\n                                            <div class=\"oxilab-flip-box-back\">\r\n                                                <div class=\"oxilab-flip-box-back-13\">\r\n                                                    <div class=\"oxilab-flip-box-back-13-data\">\r\n                                                        <div class=\"oxilab-heading\">\r\n                                                            60 \u20ac de matr\u00edcula + 150 \u20ac\/mes                                                        <\/div>\r\n                                                        <div class=\"oxilab-info\">\r\n                                                                                                                    <\/div>\r\n                                                                                                                    <a href=\"https:\/\/www.dosacordes.es\/web\/producto\/matricula-academia-dos-acordes-curso-2025-2026\/\" target=\"\">\r\n                                                                <span class=\"oxilab-button\">\r\n                                                                    <span class=\"oxilab-button-data\">\r\n                                                                        \u00a1Quiero matricularme!                                                                    <\/span>\r\n                                                                <\/span>\r\n                                                            <\/a>\r\n                                                                                                                <\/div>\r\n                                                <\/div>\r\n                                            <\/div>\r\n                                        <\/div>\r\n                                    <\/div>\r\n                                <\/div>\r\n                            <\/div>\r\n                            \r\n                        <\/div>\r\n\r\n\r\n                                                \r\n                    <\/div>\r\n                                        <div class=\"oxilab-flip-box-col-2 oxilab-flip-box-padding-13\"\r\n                         sa-data-animation=\"\"\r\n                         sa-data-animation-offset=\"100%\"\r\n                         sa-data-animation-delay=\"0ms\"\r\n                         sa-data-animation-duration=\" 2000ms\"\r\n                         >\r\n                        <div class=\" oxilab-flip-box-body-13 oxilab-flip-box-body-13-25\">\r\n                                                        <div class=\"oxilab-flip-box-body-absulote\">\r\n                                <div class=\"oxilab-flip-box-flip oxilab-flip-box-flip-top-to-bottom\">\r\n                                    <div class=\"oxilab-flip-box-style-data easing_easeInOutExpo\">\r\n                                        <div class=\"oxilab-flip-box-style\">\r\n                                            <div class=\"oxilab-flip-box-front\">\r\n                                                <div class=\"oxilab-flip-box-13\">\r\n                                                    <div class=\"oxilab-flip-box-13-data\">\r\n                                                        <div class=\"oxilab-icon\">\r\n                                                            <div class=\"oxilab-icon-data\">\r\n                                                                        <i class=\"fas fa-home oxi-icons\"><\/i>\r\n                                                                    <\/div>\r\n                                                        <\/div>\r\n                                                        <div class=\"oxilab-heading\">\r\n                                                            Alumnado veterano                                                        <\/div>\r\n                                                        <div class=\"oxilab-info\">\r\n                                                            Podr\u00e1s disfrutar de esta promoci\u00f3n si has cursado con nosotros al menos 6 meses en alg\u00fan momento y formalizas tu matr\u00edcula antes del 1 de septiembre. Si has formado parte de nuestro alumnado pero no cumples el requisito de veterano, te ofrecemos la matr\u00edcula gratis.                                                        <\/div>\r\n\r\n                                                    <\/div>\r\n                                                <\/div>\r\n                                            <\/div>\r\n                                            <div class=\"oxilab-flip-box-back\">\r\n                                                <div class=\"oxilab-flip-box-back-13\">\r\n                                                    <div class=\"oxilab-flip-box-back-13-data\">\r\n                                                        <div class=\"oxilab-heading\">\r\n                                                            Matr\u00edcula gratuita + 140 \u20ac\/mes                                                        <\/div>\r\n                                                        <div class=\"oxilab-info\">\r\n                                                                                                                    <\/div>\r\n                                                                                                                    <a href=\"https:\/\/www.dosacordes.es\/web\/producto\/matricula-academia-dos-acordes-curso-2025-2026\/\" target=\"\">\r\n                                                                <span class=\"oxilab-button\">\r\n                                                                    <span class=\"oxilab-button-data\">\r\n                                                                        \u00a1Quiero matricularme!                                                                    <\/span>\r\n                                                                <\/span>\r\n                                                            <\/a>\r\n                                                                                                                <\/div>\r\n                                                <\/div>\r\n                                            <\/div>\r\n                                        <\/div>\r\n                                    <\/div>\r\n                                <\/div>\r\n                            <\/div>\r\n                            \r\n                        <\/div>\r\n\r\n\r\n                                                \r\n                    <\/div>\r\n                            <\/div>\r\n        <\/div>\r\n                        \r\n                    <\/div>\r\n                <\/div> <div class=\"ctu-ultimate-style-16-content\">\r\n                    <div class=\"ctu-ultimate-style-heading-16 vc-tabs-li-16-id-79\" ref=\"#ctu-ulitate-style-16-id-79\"> \r\n                        <i class=\"fas fa-box-open oxi-icons\"><\/i>   Otras opciones\r\n\r\n                    <\/div>\r\n                    <div class=\"ctu-ulitate-style-16-tabs \" id=\"ctu-ulitate-style-16-id-79\">\r\n                        <p style=\"font-size: 20px; line-height: 0.9; text-align: left;\"><span style=\"color: #4a9ab9;\"><strong>\u2022 Preparaci\u00f3n de partes espec\u00edficas<\/strong><\/span><\/p> <p style=\"text-align: left; padding-left: 40px;\">Si no quieres realizar el curso completo y prefieres centrarte en alguna parte concreta de la preparaci\u00f3n, consulta, sin compromiso, las diferentes opciones que podemos ofrecerte.<\/p>\r\n                        \r\n                    <\/div>\r\n                <\/div> <\/div>   <\/div>\r\n              <\/div>[\/vc_column_text][\/vc_column][\/vc_row][vc_row full_width=\u00bbstretch_row\u00bb css=\u00bb.vc_custom_1655720721414{background-color: #edf3f4 !important;background-position: center !important;background-repeat: no-repeat !important;background-size: cover !important;}\u00bb][vc_column][vc_column_text]<\/p>\n<p style=\"font-size: 34px; line-height: 0.9; text-align: center;\"><span style=\"color: #4788c7;\"><span style=\"color: #808080;\">Personas que han aprobado con nosotros<\/span><strong><br \/>\n<\/strong><\/span><\/p>\n<p style=\"text-align: center;\">Puedes comprobar esta informaci\u00f3n a trav\u00e9s de los diarios oficiales correspondientes.<\/p>\n<p>[\/vc_column_text][vc_btn title=\u00bbListas de aprobados\u00bb style=\u00bbclassic\u00bb shape=\u00bbround\u00bb color=\u00bbvista-blue\u00bb align=\u00bbcenter\u00bb link=\u00bburl:http%3A%2F%2Foposicionesmusica.com\/lista-de-aprobados||\u00bb][\/vc_column][\/vc_row][vc_row full_width=\u00bbstretch_row\u00bb css=\u00bb.vc_custom_1655725649498{background-color: #ffffff !important;background-position: center !important;background-repeat: no-repeat !important;background-size: cover !important;}\u00bb][vc_column][vc_column_text]<\/p>\n<p style=\"text-align: center;\"><img decoding=\"async\" src=\"\/web\/wp-content\/uploads\/2022\/06\/calendar.svg\" \/><\/p>\n<p style=\"font-size: 28px; line-height: 0.9; text-align: center;\"><span style=\"color: #4888c7;\"><span style=\"color: #4888c7;\">Inicio del curso: septiembre de 2024<\/span><strong><br \/>\n<\/strong><\/span><\/p>\n<p style=\"text-align: center; font-size: 18px;\">\u00bfQuieres matricularte o recibir m\u00e1s informaci\u00f3n?<\/p>\n<p>[\/vc_column_text][vc_btn title=\u00bb\u00a1Escr\u00edbenos un ticket!\u00bb style=\u00bbclassic\u00bb shape=\u00bbround\u00bb color=\u00bbsky\u00bb align=\u00bbcenter\u00bb link=\u00bburl:http%3A%2F%2Fwww.dosacordes.es\/tickets||\u00bb][\/vc_column][\/vc_row]<\/p>\n<\/div>","protected":false},"excerpt":{"rendered":"<p>[vc_row full_width=\u00bbstretch_row\u00bb css=\u00bb.vc_custom_1655738600114{background-color: #2081bc !important;background-position: center !important;background-repeat: no-repeat !important;background-size: cover !important;}\u00bb][vc_column][vc_column_text] Curso 2024\/2025 Maestros: Educaci\u00f3n Infantil \u00a1Matr\u00edcula abierta! [\/vc_column_text][vc_btn title=\u00bbOpciones de matr\u00edcula\u00bb style=\u00bbclassic\u00bb shape=\u00bbround\u00bb color=\u00bborange\u00bb align=\u00bbcenter\u00bb link=\u00bburl:#opciones-matricula||\u00bb][\/vc_column][\/vc_row][vc_row full_width=\u00bbstretch_row\u00bb css=\u00bb.vc_custom_1655738585052{background-color: #2081bc !important;background-position: center !important;background-repeat: no-repeat !important;background-size: cover !important;}\u00bb][vc_column width=\u00bb1\/2&#8243;][vc_column_text] Prepara tus oposiciones sin moverte de casa Tras muchos a\u00f1os preparando a opositores de m\u00fasica de secundaria, [&hellip;]<\/p>\n","protected":false},"author":8,"featured_media":0,"parent":0,"menu_order":0,"comment_status":"closed","ping_status":"closed","template":"page_visual_composer.php","meta":{"om_disable_all_campaigns":false,"_monsterinsights_skip_tracking":false,"_monsterinsights_sitenote_active":false,"_monsterinsights_sitenote_note":"","_monsterinsights_sitenote_category":0,"footnotes":""},"aioseo_notices":[],"lang":"ar","translations":{"ar":13213,"es":10708,"uy":13214,"en":13960},"pll_sync_post":[],"_links":{"self":[{"href":"https:\/\/www.dosacordes.es\/web\/wp-json\/wp\/v2\/pages\/13213"}],"collection":[{"href":"https:\/\/www.dosacordes.es\/web\/wp-json\/wp\/v2\/pages"}],"about":[{"href":"https:\/\/www.dosacordes.es\/web\/wp-json\/wp\/v2\/types\/page"}],"author":[{"embeddable":true,"href":"https:\/\/www.dosacordes.es\/web\/wp-json\/wp\/v2\/users\/8"}],"replies":[{"embeddable":true,"href":"https:\/\/www.dosacordes.es\/web\/wp-json\/wp\/v2\/comments?post=13213"}],"version-history":[{"count":0,"href":"https:\/\/www.dosacordes.es\/web\/wp-json\/wp\/v2\/pages\/13213\/revisions"}],"wp:attachment":[{"href":"https:\/\/www.dosacordes.es\/web\/wp-json\/wp\/v2\/media?parent=13213"}],"curies":[{"name":"wp","href":"https:\/\/api.w.org\/{rel}","templated":true}]}}