{"id":13205,"date":"2022-06-21T10:53:47","date_gmt":"2022-06-21T08:53:47","guid":{"rendered":"https:\/\/www.dosacordes.es\/web\/?page_id=10700"},"modified":"2023-06-02T12:30:32","modified_gmt":"2023-06-02T10:30:32","slug":"academia-audicion-y-lenguaje","status":"publish","type":"page","link":"https:\/\/www.dosacordes.es\/web\/ar\/academia-audicion-y-lenguaje\/","title":{"rendered":"Preparaci\u00f3n de oposiciones: Audici\u00f3n y Lenguaje"},"content":{"rendered":"<div class=\"wpb-content-wrapper\"><p>[vc_row full_width=\u00bbstretch_row\u00bb css=\u00bb.vc_custom_1655738600114{background-color: #2081bc !important;background-position: center !important;background-repeat: no-repeat !important;background-size: cover !important;}\u00bb][vc_column][vc_column_text]<\/p>\n<p style=\"text-align: center; font-size: 18px;\"><span style=\"color: #282828;\">Curso 2023\/2024<\/span><\/p>\n<p style=\"font-size: 40px; line-height: 0.9; text-align: center;\"><span style=\"color: #ffffff;\">Maestros: Audici\u00f3n y Lenguaje<\/span><\/p>\n<p style=\"font-size: 28px; line-height: 0.9; text-align: center;\"><span style=\"color: #ffffff;\">(solo Galicia)<\/span><br \/>\n<strong><br \/>\n<\/strong><\/p>\n<p style=\"text-align: center; font-size: 26px;\"><span style=\"color: #282828;\">\u00a1Matr\u00edcula abierta!<\/span><\/p>\n<p>[\/vc_column_text][vc_btn title=\u00bbOpciones de matr\u00edcula\u00bb style=\u00bbclassic\u00bb shape=\u00bbround\u00bb color=\u00bborange\u00bb align=\u00bbcenter\u00bb link=\u00bburl:#opciones-matricula||\u00bb][\/vc_column][\/vc_row][vc_row full_width=\u00bbstretch_row\u00bb css=\u00bb.vc_custom_1655738585052{background-color: #2081bc !important;background-position: center !important;background-repeat: no-repeat !important;background-size: cover !important;}\u00bb][vc_column width=\u00bb1\/2&#8243;][vc_column_text]<\/p>\n<p style=\"font-size: 22px; line-height: 0.9; text-align: left;\"><span style=\"color: #ffffff;\"><strong>Prepara tus oposiciones sin moverte de casa<\/strong><\/span><\/p>\n<p style=\"font-size: 15px; line-height: 1.8; text-align: left;\"><span style=\"color: #ffffff;\">Tras muchos a\u00f1os preparando a opositores de m\u00fasica de secundaria, primaria y conservatorio con excelentes resultados, en el curso 2016-2017 ampliamos nuestra oferta a otras especialidades del Cuerpo de Maestros, con vistas a convertirnos en una academia generalista de corte estatal.<\/span><\/p>\n<p style=\"font-size: 15px; line-height: 1.8; text-align: left;\"><span style=\"color: #ffffff;\">Nuestro profesorado es siempre funcionario de carrera de la especialidad y posee amplia experiencia en el \u00e1mbito de la preparaci\u00f3n. Esta experiencia y dedicaci\u00f3n ha hecho que nuestro \u00edndice de aprobados sea muy elevado. Si est\u00e1s preparando o piensas preparar oposiciones, consulta nuestras opciones de matr\u00edcula: no te arrepentir\u00e1s.<\/span><\/p>\n<p>[\/vc_column_text][vc_btn title=\u00bbTodos nuestros cursos\u00bb style=\u00bbclassic\u00bb shape=\u00bbround\u00bb color=\u00bbwhite\u00bb link=\u00bburl:http%3A%2F%2Fwww.dosacordes.es\/web\/#cursos||\u00bb][\/vc_column][vc_column width=\u00bb1\/2&#8243;][vc_video link=\u00bbhttps:\/\/www.youtube.com\/watch?v=-UQOE5VIND8&#8243; align=\u00bbright\u00bb][\/vc_column][\/vc_row][vc_row][vc_column width=\u00bb1\/5&#8243;][vc_single_image image=\u00bb6616&#8243; alignment=\u00bbcenter\u00bb][vc_column_text css=\u00bb.vc_custom_1591093187430{margin-top: -24px !important;border-top-width: -24px !important;padding-top: -24px !important;border-top-style: hidden !important;}\u00bb]<\/p>\n<p style=\"text-align: center; font-size: 12px; line-height: 0.9;\"><span style=\"color: #4788c7;\"><strong>100% TELEM\u00c1TICO<br \/>\n<\/strong><\/span>[\/vc_column_text][\/vc_column][vc_column width=\u00bb1\/5&#8243;][vc_single_image image=\u00bb6620&#8243; alignment=\u00bbcenter\u00bb][vc_column_text css=\u00bb.vc_custom_1591093163902{margin-top: -24px !important;border-top-width: -24px !important;padding-top: -24px !important;border-top-style: hidden !important;}\u00bb]<\/p>\n<p style=\"text-align: center; font-size: 12px; line-height: 0.9;\"><span style=\"color: #4788c7;\"><strong>TEMARIO INCLUIDO<br \/>\n<\/strong><\/span>[\/vc_column_text][\/vc_column][vc_column width=\u00bb1\/5&#8243;][vc_single_image image=\u00bb6619&#8243; alignment=\u00bbcenter\u00bb][vc_column_text css=\u00bb.vc_custom_1685701601405{margin-top: -24px !important;border-top-width: -24px !important;padding-top: -24px !important;border-top-style: hidden !important;}\u00bb]<\/p>\n<p style=\"text-align: center; font-size: 12px; line-height: 0.9;\"><span style=\"color: #4788c7;\"><strong>REVISI\u00d3N CONTINUA DEL PI Y PA<br \/>\n<\/strong><\/span><\/p>\n<p>[\/vc_column_text][\/vc_column][vc_column width=\u00bb1\/5&#8243;][vc_single_image image=\u00bb6618&#8243; alignment=\u00bbcenter\u00bb][vc_column_text css=\u00bb.vc_custom_1685663488614{margin-top: -24px !important;border-top-width: -24px !important;padding-top: -24px !important;border-top-style: hidden !important;}\u00bb]<\/p>\n<p style=\"text-align: center; font-size: 12px; line-height: 0.9;\"><span style=\"color: #4788c7;\"><strong>SIMULACROS<br \/>\n<\/strong><\/span><\/p>\n<p>[\/vc_column_text][\/vc_column][vc_column width=\u00bb1\/5&#8243;][vc_single_image image=\u00bb6621&#8243; alignment=\u00bbcenter\u00bb][vc_column_text css=\u00bb.vc_custom_1655740458307{margin-top: -24px !important;border-top-width: -24px !important;padding-top: -24px !important;border-top-style: hidden !important;}\u00bb]<\/p>\n<p style=\"text-align: center; font-size: 12px; line-height: 0.9;\"><span style=\"color: #4788c7;\"><strong>TODAS LAS PRUEBAS<br \/>\n<\/strong><\/span>[\/vc_column_text][\/vc_column][\/vc_row][vc_row full_width=\u00bbstretch_row\u00bb css=\u00bb.vc_custom_1591048477410{background-color: #ffffff !important;}\u00bb][vc_column][vc_column_text]Durante el curso 2023\/2024 coincidir\u00e1n dos sistemas de oposiciones diferentes (estabilizaci\u00f3n y reposici\u00f3n), por lo que resulta vital una adecuada orientaci\u00f3n profesional. Teniendo en cuenta ambas v\u00edas de concurso-oposici\u00f3n, Dos Acordes adecua su oferta de ense\u00f1anza para responder a estos dos sistemas que convocar\u00e1n las diferentes comunidades aut\u00f3nomas. Ofrecemos garant\u00edas de una excelente y completa preparaci\u00f3n, como atestiguan nuestros treinta y tres a\u00f1os ininterrumpidos de trabajo como preparadores, que han hecho de Dos Acordes una referencia en el mundo de las oposiciones.[\/vc_column_text][vc_column_text]<\/p>\n<h3><span style=\"color: #808080;\">\u00bfC\u00f3mo es nuestra formaci\u00f3n?<\/span><\/h3>\n<ul>\n<li>Toda la preparaci\u00f3n es en l\u00ednea. Para ello, usamos una plataforma propia a la que accedes con tu usuario y contrase\u00f1a.<\/li>\n<\/ul>\n<ul>\n<li>Las clases se imparten por videoconferencia semanal en directo.<\/li>\n<\/ul>\n<ul>\n<li>Durante las clases podr\u00e1s plantear tus dudas o comentarios a trav\u00e9s del chat del aula.<\/li>\n<\/ul>\n<ul>\n<li>Aunque no puedas asistir en directo, todas las sesiones quedan grabadas y a tu disposici\u00f3n mientras dura la preparaci\u00f3n (de septiembre a junio), siempre y cuando est\u00e9n abonadas todas las mensualidades.<\/li>\n<\/ul>\n<ul>\n<li>En la plataforma encontrar\u00e1s foros donde resolver todas las preguntas que se te planteen de una clase a la siguiente.<\/li>\n<\/ul>\n<ul>\n<li>Te avisaremos de la previsi\u00f3n de oposiciones, convocatorias, novedades, papeleos, etc.<\/li>\n<\/ul>\n<p>[\/vc_column_text][\/vc_column][\/vc_row][vc_row full_width=\u00bbstretch_row\u00bb css=\u00bb.vc_custom_1591530160498{background-position: center !important;background-repeat: no-repeat !important;background-size: cover !important;}\u00bb][vc_column][vc_custom_heading text=\u00bbProfesorado\u00bb font_container=\u00bbtag:h2|text_align:center|color:%23808080&#8243; google_fonts=\u00bbfont_family:Montserrat%3Aregular%2C700|font_style:400%20regular%3A400%3Anormal\u00bb el_class=\u00bbbookie-label\u00bb css=\u00bb.vc_custom_1655737329322{padding-bottom: 20px !important;}\u00bb][vc_column_text]<\/p>\n<p style=\"text-align: center;\"><span class=\"pap-shortcode-preview\"><\/span><\/p>\n<p>[\/vc_column_text][\/vc_column][\/vc_row][vc_row full_width=\u00bbstretch_row\u00bb css=\u00bb.vc_custom_1591530176513{background-color: #ffffff !important;}\u00bb][vc_column][vc_custom_heading text=\u00bbOpciones de matr\u00edcula\u00bb font_container=\u00bbtag:h2|text_align:center|color:%23808080&#8243; google_fonts=\u00bbfont_family:Montserrat%3Aregular%2C700|font_style:400%20regular%3A400%3Anormal\u00bb el_class=\u00bbbookie-label\u00bb][vc_column_text][\/vc_column_text][vc_column_text]<a id=\"opciones-matricula\"><\/a><div class=\"oxi-addons-container oxi-addons-container-17\">\r\n                 <div class=\"oxi-addons-row\"><div class=\"ctu-ultimate-wrapper-17\">\r\n             <div class=\"ctu-ulimate-style-17\"><div class=\"vc-tabs-li vc-tabs-li-17-id-80\" ref=\"#ctu-ulitate-style-17-id-80\" class=\"\">\r\n                                <span><i class=\"fas fa-boxes oxi-icons\"><\/i><\/span>\r\n                                Curso completo\r\n                                <div class=\"ctu-absulote\"><\/div>\r\n                            <\/div>   <\/div> <div class=\"ctu-ultimate-style-17-content\">\r\n                    <div class=\"ctu-ultimate-style-heading-17 vc-tabs-li-17-id-80\" ref=\"#ctu-ulitate-style-17-id-80\"> \r\n                        <i class=\"fas fa-boxes oxi-icons\"><\/i>   Curso completo\r\n\r\n                    <\/div>\r\n                    <div class=\"ctu-ulitate-style-17-tabs \" id=\"ctu-ulitate-style-17-id-80\">\r\n                        <p style=\"font-size: 20px; line-height: 0.9; text-align: left;\"><span style=\"color: #4a9ab9;\"><strong>\u2022 Clases semanales en directo<\/strong><\/span><\/p> <p style=\"text-align: left; padding-left: 40px;\">Preparaci\u00f3n de todas las pruebas para Galicia y posterior acceso a sus grabaciones.<\/p> <p style=\"text-align: left;\">\u00a0<\/p> <p style=\"font-size: 20px; line-height: 0.9; text-align: left;\"><span style=\"color: #4a9ab9;\"><strong>\u2022 Acceso a todos los foros de dudas del curso<\/strong><\/span><\/p> <p style=\"text-align: left;\">\u00a0<\/p> <p style=\"font-size: 20px; line-height: 0.9; text-align: left;\"><span style=\"color: #4a9ab9;\"><strong>\u2022 Avisos de convocatorias, novedades y burocracia<\/strong><\/span><\/p> <p style=\"text-align: left;\">\u00a0<\/p> <p style=\"font-size: 20px; line-height: 0.9; text-align: left;\"><span style=\"color: #4a9ab9;\"><strong>\u2022 Temario propio gratuito para nuestro alumnado, actualizado a la LOMLOE en 2023<\/strong><\/span><\/p> <p style=\"text-align: left;\">\u00a0<\/p> <p style=\"font-size: 20px; line-height: 1; text-align: left;\"><span style=\"color: #4a9ab9;\"><strong>\u2022 Explicaci\u00f3n, preparaci\u00f3n, revisi\u00f3n y defensa del programa de intervenci\u00f3n y el plan de apoyo<br \/><\/strong><\/span><\/p> <p style=\"text-align: left; padding-left: 40px;\">Preparamos el programa de intervenci\u00f3n y, si fuera preciso, el plan de apoyo (seg\u00fan se trate de plazas de estabilizaci\u00f3n, de reposici\u00f3n o de ambas). El plan de apoyo lo elabora cada persona en un documento compartido con la preparadora, que se encargar\u00e1 de revisarlo.<\/p> <p style=\"text-align: left;\">\u00a0<\/p> <p style=\"font-size: 20px; line-height: 0.9; text-align: left;\"><span style=\"color: #4a9ab9;\"><strong>\u2022 Ejercicio pr\u00e1ctico<\/strong><\/span><\/p> <p style=\"text-align: left; padding-left: 40px;\">Abordamos semanalmente el trabajo sobre temas, legislaci\u00f3n y protocolos.<\/p> <p style=\"text-align: left;\">\u00a0<\/p> <p style=\"font-size: 20px; line-height: 0.9; text-align: left;\"><span style=\"color: #4a9ab9;\"><strong>\u2022 Simulacros<\/strong><\/span><\/p> <p style=\"text-align: left; padding-left: 40px;\">Realizar\u00e1s simulacros de temas y, en su caso, del ejercicio pr\u00e1ctico escrito, una vez al trimestre, que la preparadora te devolver\u00e1 revisados y puntuados, adem\u00e1s de exposiciones en l\u00ednea del plan de apoyo o las unidades did\u00e1cticas.<\/p> <p>&nbsp;<\/p> <p style=\"text-align: left;\"><div class=\"oxi-addons-container   oxi-addons-flipbox-template-style4\">        <div class=\"oxilab-flip-box-wrapper\">\r\n                                <div class=\"oxilab-flip-box-col-2 oxilab-flip-box-padding-14\"\r\n                         sa-data-animation=\"\"\r\n                         sa-data-animation-offset=\"100%\"\r\n                         sa-data-animation-delay=\"0ms\"\r\n                         sa-data-animation-duration=\" 2000ms\"\r\n                         >\r\n                        <div class=\" oxilab-flip-box-body-14 oxilab-flip-box-body-14-26\">\r\n                                                        <div class=\"oxilab-flip-box-body-absulote\">\r\n                                <div class=\"oxilab-flip-box-flip oxilab-flip-box-flip-top-to-bottom\">\r\n                                    <div class=\"oxilab-flip-box-style-data easing_easeInOutExpo\">\r\n                                        <div class=\"oxilab-flip-box-style\">\r\n                                            <div class=\"oxilab-flip-box-front\">\r\n                                                <div class=\"oxilab-flip-box-14\">\r\n                                                    <div class=\"oxilab-flip-box-14-data\">\r\n                                                        <div class=\"oxilab-icon\">\r\n                                                            <div class=\"oxilab-icon-data\">\r\n                                                                        <i class=\"fas fa-door-open oxi-icons\"><\/i>\r\n                                                                    <\/div>\r\n                                                        <\/div>\r\n                                                        <div class=\"oxilab-heading\">\r\n                                                            Nuevo alumnado                                                        <\/div>\r\n                                                        <div class=\"oxilab-info\">\r\n                                                                                                                    <\/div>\r\n\r\n                                                    <\/div>\r\n                                                <\/div>\r\n                                            <\/div>\r\n                                            <div class=\"oxilab-flip-box-back\">\r\n                                                <div class=\"oxilab-flip-box-back-14\">\r\n                                                    <div class=\"oxilab-flip-box-back-14-data\">\r\n                                                        <div class=\"oxilab-heading\">\r\n                                                            60 \u20ac de matr\u00edcula + 150 \u20ac\/mes                                                        <\/div>\r\n                                                        <div class=\"oxilab-info\">\r\n                                                            \u00bfQuieres matricularte o recibir m\u00e1s informaci\u00f3n?                                                        <\/div>\r\n                                                                                                                    <a href=\"https:\/\/www.dosacordes.es\/tickets\/\" target=\"\">\r\n                                                                <span class=\"oxilab-button\">\r\n                                                                    <span class=\"oxilab-button-data\">\r\n                                                                        \u00a1Escr\u00edbenos un ticket!                                                                    <\/span>\r\n                                                                <\/span>\r\n                                                            <\/a>\r\n                                                                                                                <\/div>\r\n                                                <\/div>\r\n                                            <\/div>\r\n                                        <\/div>\r\n                                    <\/div>\r\n                                <\/div>\r\n                            <\/div>\r\n                            \r\n                        <\/div>\r\n\r\n\r\n                                                \r\n                    <\/div>\r\n                                        <div class=\"oxilab-flip-box-col-2 oxilab-flip-box-padding-14\"\r\n                         sa-data-animation=\"\"\r\n                         sa-data-animation-offset=\"100%\"\r\n                         sa-data-animation-delay=\"0ms\"\r\n                         sa-data-animation-duration=\" 2000ms\"\r\n                         >\r\n                        <div class=\" oxilab-flip-box-body-14 oxilab-flip-box-body-14-27\">\r\n                                                        <div class=\"oxilab-flip-box-body-absulote\">\r\n                                <div class=\"oxilab-flip-box-flip oxilab-flip-box-flip-top-to-bottom\">\r\n                                    <div class=\"oxilab-flip-box-style-data easing_easeInOutExpo\">\r\n                                        <div class=\"oxilab-flip-box-style\">\r\n                                            <div class=\"oxilab-flip-box-front\">\r\n                                                <div class=\"oxilab-flip-box-14\">\r\n                                                    <div class=\"oxilab-flip-box-14-data\">\r\n                                                        <div class=\"oxilab-icon\">\r\n                                                            <div class=\"oxilab-icon-data\">\r\n                                                                        <i class=\"fas fa-home oxi-icons\"><\/i>\r\n                                                                    <\/div>\r\n                                                        <\/div>\r\n                                                        <div class=\"oxilab-heading\">\r\n                                                            Alumnado veterano                                                        <\/div>\r\n                                                        <div class=\"oxilab-info\">\r\n                                                            Podr\u00e1s disfrutar de esta promoci\u00f3n si has cursado con nosotros al menos 6 meses durante los cursos 2021-2022 o 2022-2023 y formalizas tu matr\u00edcula antes del 1 de septiembre. Si has formado parte de nuestro alumnado pero no cumples el requisito de veterano, te ofrecemos la matr\u00edcula gratis.                                                        <\/div>\r\n\r\n                                                    <\/div>\r\n                                                <\/div>\r\n                                            <\/div>\r\n                                            <div class=\"oxilab-flip-box-back\">\r\n                                                <div class=\"oxilab-flip-box-back-14\">\r\n                                                    <div class=\"oxilab-flip-box-back-14-data\">\r\n                                                        <div class=\"oxilab-heading\">\r\n                                                            Matr\u00edcula gratuita + 125 \u20ac\/mes                                                        <\/div>\r\n                                                        <div class=\"oxilab-info\">\r\n                                                            \u00bfQuieres matricularte o recibir m\u00e1s informaci\u00f3n?                                                        <\/div>\r\n                                                                                                                    <a href=\"https:\/\/www.dosacordes.es\/tickets\/\" target=\"\">\r\n                                                                <span class=\"oxilab-button\">\r\n                                                                    <span class=\"oxilab-button-data\">\r\n                                                                        \u00a1Escr\u00edbenos un ticket!                                                                    <\/span>\r\n                                                                <\/span>\r\n                                                            <\/a>\r\n                                                                                                                <\/div>\r\n                                                <\/div>\r\n                                            <\/div>\r\n                                        <\/div>\r\n                                    <\/div>\r\n                                <\/div>\r\n                            <\/div>\r\n                            \r\n                        <\/div>\r\n\r\n\r\n                                                \r\n                    <\/div>\r\n                            <\/div>\r\n        <\/div>\r\n                        \r\n                    <\/div>\r\n                <\/div> <\/div>   <\/div>\r\n              <\/div>[\/vc_column_text][\/vc_column][\/vc_row][vc_row full_width=\u00bbstretch_row\u00bb css=\u00bb.vc_custom_1655720721414{background-color: #edf3f4 !important;background-position: center !important;background-repeat: no-repeat !important;background-size: cover !important;}\u00bb][vc_column][vc_column_text]<\/p>\n<p style=\"font-size: 34px; line-height: 0.9; text-align: center;\"><span style=\"color: #4788c7;\"><span style=\"color: #808080;\">Personas que han aprobado con nosotros<\/span><strong><br \/>\n<\/strong><\/span><\/p>\n<p style=\"text-align: center;\">Puedes comprobar esta informaci\u00f3n a trav\u00e9s de los diarios oficiales correspondientes.<\/p>\n<p>[\/vc_column_text][vc_btn title=\u00bbListas de aprobados\u00bb style=\u00bbclassic\u00bb shape=\u00bbround\u00bb color=\u00bbvista-blue\u00bb align=\u00bbcenter\u00bb link=\u00bburl:http%3A%2F%2Foposicionesmusica.com\/lista-de-aprobados||\u00bb][\/vc_column][\/vc_row][vc_row full_width=\u00bbstretch_row\u00bb css=\u00bb.vc_custom_1655725649498{background-color: #ffffff !important;background-position: center !important;background-repeat: no-repeat !important;background-size: cover !important;}\u00bb][vc_column][vc_column_text]<\/p>\n<p style=\"text-align: center;\"><img decoding=\"async\" src=\"\/web\/wp-content\/uploads\/2022\/06\/calendar.svg\" \/><\/p>\n<p style=\"font-size: 28px; line-height: 0.9; text-align: center;\"><span style=\"color: #4888c7;\"><span style=\"color: #4888c7;\">Inicio del curso: septiembre de 2023<\/span><strong><br \/>\n<\/strong><\/span><\/p>\n<p style=\"text-align: center; font-size: 18px;\">\u00bfQuieres matricularte o recibir m\u00e1s informaci\u00f3n?<\/p>\n<p>[\/vc_column_text][vc_btn title=\u00bb\u00a1Escr\u00edbenos un ticket!\u00bb style=\u00bbclassic\u00bb shape=\u00bbround\u00bb color=\u00bbsky\u00bb align=\u00bbcenter\u00bb link=\u00bburl:http%3A%2F%2Fwww.dosacordes.es\/tickets||\u00bb][\/vc_column][\/vc_row]<\/p>\n<\/div>","protected":false},"excerpt":{"rendered":"<p>[vc_row full_width=\u00bbstretch_row\u00bb css=\u00bb.vc_custom_1655738600114{background-color: #2081bc !important;background-position: center !important;background-repeat: no-repeat !important;background-size: cover !important;}\u00bb][vc_column][vc_column_text] Curso 2023\/2024 Maestros: Audici\u00f3n y Lenguaje (solo Galicia) \u00a1Matr\u00edcula abierta! [\/vc_column_text][vc_btn title=\u00bbOpciones de matr\u00edcula\u00bb style=\u00bbclassic\u00bb shape=\u00bbround\u00bb color=\u00bborange\u00bb align=\u00bbcenter\u00bb link=\u00bburl:#opciones-matricula||\u00bb][\/vc_column][\/vc_row][vc_row full_width=\u00bbstretch_row\u00bb css=\u00bb.vc_custom_1655738585052{background-color: #2081bc !important;background-position: center !important;background-repeat: no-repeat !important;background-size: cover !important;}\u00bb][vc_column width=\u00bb1\/2&#8243;][vc_column_text] Prepara tus oposiciones sin moverte de casa Tras muchos a\u00f1os preparando a opositores de [&hellip;]<\/p>\n","protected":false},"author":8,"featured_media":0,"parent":0,"menu_order":0,"comment_status":"closed","ping_status":"closed","template":"page_visual_composer.php","meta":{"om_disable_all_campaigns":false,"_monsterinsights_skip_tracking":false,"_monsterinsights_sitenote_active":false,"_monsterinsights_sitenote_note":"","_monsterinsights_sitenote_category":0,"footnotes":""},"aioseo_notices":[],"lang":"ar","translations":{"ar":13205,"es":10700,"uy":13206,"en":13956},"pll_sync_post":[],"_links":{"self":[{"href":"https:\/\/www.dosacordes.es\/web\/wp-json\/wp\/v2\/pages\/13205"}],"collection":[{"href":"https:\/\/www.dosacordes.es\/web\/wp-json\/wp\/v2\/pages"}],"about":[{"href":"https:\/\/www.dosacordes.es\/web\/wp-json\/wp\/v2\/types\/page"}],"author":[{"embeddable":true,"href":"https:\/\/www.dosacordes.es\/web\/wp-json\/wp\/v2\/users\/8"}],"replies":[{"embeddable":true,"href":"https:\/\/www.dosacordes.es\/web\/wp-json\/wp\/v2\/comments?post=13205"}],"version-history":[{"count":0,"href":"https:\/\/www.dosacordes.es\/web\/wp-json\/wp\/v2\/pages\/13205\/revisions"}],"wp:attachment":[{"href":"https:\/\/www.dosacordes.es\/web\/wp-json\/wp\/v2\/media?parent=13205"}],"curies":[{"name":"wp","href":"https:\/\/api.w.org\/{rel}","templated":true}]}}